{"id":8512,"date":"2019-06-20T09:35:37","date_gmt":"2019-06-20T07:35:37","guid":{"rendered":"https:\/\/maisonvanstijn.net\/referenties\/"},"modified":"2021-11-25T15:19:25","modified_gmt":"2021-11-25T14:19:25","slug":"experiences-de-nos-clients","status":"publish","type":"page","link":"https:\/\/maisonvanstijn.net\/fr\/experiences-de-nos-clients\/","title":{"rendered":"Exp\u00e9riences de nos clients"},"content":{"rendered":"<section class=\"wpb-content-wrapper\">[vc_row][vc_column]<div class=\"vcex-module vcex-testimonials-grid-wrap wpex-clr\"><div class=\"wpex-row vcex-testimonials-grid wpex-clr vcex-isotope-grid\"><div class=\"testimonial-entry vcex-grid-item span_1_of_2 col-1 col vcex-isotope-entry post-11353 entry type-testimonials no-media cat-91 cat-93 cat-94 cat-95 translation_priority-81\"><div class=\"testimonial-entry-content wpex-relative wpex-boxed wpex-border-0 wpex-clr\"><span class=\"testimonial-caret\"><\/span><h2 class=\"testimonial-entry-title entry-title wpex-mb-10\">Excellent s\u00e9jour!<\/h2><div class=\"testimonial-entry-details testimonial-entry-text wpex-last-mb-0 wpex-clr\"><p>Nous avons s\u00e9journ\u00e9 dans votre maison 3 \u00e9toiles pendant 3 nuits et nous avons pass\u00e9 un excellent s\u00e9jour. La maison est lumineuze, tr\u00e8s fonctionelle, calme et vraiment agr\u00e9able. Nous vous remer\u00e7ions \u00e9galement d&rsquo;accepter les chiens, car nous\u00a0 voyageons avec notre petit Bounty et il est plus en plus difficile de trouver des logements qui acceptent nos animaux. Alors un GRAND MERCI! Nous avons pu profiter de la r\u00e9gion (Vulcania, ascension du Puy de Sancy, truffade &#8230;) Votre r\u00e9gion est tr\u00e8s belle! Un dernier point tr\u00e8s agr\u00e8able = l&rsquo;acc\u00e8s \u00e0 la rivi\u00e8re. F\u00e9licitations pour ces beaux escaliers! Merci pour tout! Peut-\u00eatre \u00e0 bient\u00f4t<\/p>\n<p>12 Mai 2024<\/p>\n<\/div><\/div><div class=\"testimonial-entry-bottom wpex-flex wpex-flex-wrap wpex-mt-20\"><div class=\"testimonial-entry-meta wpex-flex-grow\"><span class=\"testimonial-entry-author entry-title wpex-m-0\">Aur\u00e9lie, S\u00e9bastien, Ma\u00ebli, Cl\u00e9a et leur Border Collie Bounty<\/span><span class=\"testimonial-entry-company wpex-text-gray-500\">Gite les 3 Etoiles d'Auvergne<\/span><\/div><\/div><\/div><div class=\"testimonial-entry vcex-grid-item span_1_of_2 col-2 col vcex-isotope-entry post-11277 entry type-testimonials no-media cat-91 cat-93 cat-94 cat-95 translation_priority-81\"><div class=\"testimonial-entry-content wpex-relative wpex-boxed wpex-border-0 wpex-clr\"><span class=\"testimonial-caret\"><\/span><h2 class=\"testimonial-entry-title entry-title wpex-mb-10\">Tout \u00e9tait parfait!<\/h2><div class=\"testimonial-entry-details testimonial-entry-text wpex-last-mb-0 wpex-clr\"><div dir=\"ltr\">\n<div class=\" dir dir-ltr\">Tout \u00e9tait parfait de notre arriv\u00e9e \u00e0 notre d\u00e9part. Gerti est une personne d\u2019exception de par sa bienveillance et sa gentillesse et sa passion du bien recevoir ses h\u00f4tes nous a tous conquis. Encore merci \u00e0 elle pour se beau s\u00e9jour en Auvergne<\/div>\n<div>26 f\u00e9vrier 2024<\/div>\n<\/div>\n<div class=\"c1t17pc6 dir dir-ltr\"><\/div>\n<\/div><\/div><div class=\"testimonial-entry-bottom wpex-flex wpex-flex-wrap wpex-mt-20\"><div class=\"testimonial-entry-meta wpex-flex-grow\"><span class=\"testimonial-entry-author entry-title wpex-m-0\">Val\u00e9rie &amp; Famille et leur Setter Anglais Sky<\/span><span class=\"testimonial-entry-company wpex-text-gray-500\">Gite les 3 Etoiles d'Auvergne<\/span><\/div><\/div><\/div><div class=\"testimonial-entry vcex-grid-item span_1_of_2 col-1 col vcex-isotope-entry post-10462 entry type-testimonials no-media cat-91 cat-93 cat-94 cat-95 translation_priority-81\"><div class=\"testimonial-entry-content wpex-relative wpex-boxed wpex-border-0 wpex-clr\"><span class=\"testimonial-caret\"><\/span><h2 class=\"testimonial-entry-title entry-title wpex-mb-10\">D\u00e8s l&rsquo;accueil, nous avons \u00e9t\u00e9 s\u00e9duit par le g\u00eete<\/h2><div class=\"testimonial-entry-details testimonial-entry-text wpex-last-mb-0 wpex-clr\"><p>Nous avons pass\u00e9 un tr\u00e8s agr\u00e9able s\u00e9jour \u00e0 Egliseneuve. D\u00e8s l&rsquo;accueil, nous avons \u00e9t\u00e9 s\u00e9duit par le g\u00eete dont nous n&rsquo;avions vu que des photos sur le site internet. Nous avons pu profiter du beau temps qui \u00e9tait avec nous cette semaine avec la terasse et le grand jardin. Le g\u00eete est tr\u00e8s cosy et on s&rsquo;y sent vite comme \u00e0 la maison. Chambre, cuisine, salle de bain &#8230; tout est parfaitement agenc\u00e9 et decor\u00e9 avec go\u00fbt. Gr\u00e2ce au bons conseils de notre h\u00f4te, nous avons pu d\u00e9couvrir la cuisine locale dans des tr\u00e8s bonnes adresses avec un rapport qualit\u00e9-prix excellent. Nous avons \u00e9galement profit\u00e9 des qualit\u00e9s de guide touristique de notre h\u00f4te pour faire de reandonn\u00e9es incroyables hors des sentiers battas. Un tout grand merci et bonne continuation.<\/p>\n<p>6 Mai 2023<\/p>\n<\/div><\/div><div class=\"testimonial-entry-bottom wpex-flex wpex-flex-wrap wpex-mt-20\"><div class=\"testimonial-entry-meta wpex-flex-grow\"><span class=\"testimonial-entry-author entry-title wpex-m-0\">Famille Mariage - Casolin et leur Schnauzer nain Quipling<\/span><span class=\"testimonial-entry-company wpex-text-gray-500\">Gite les 3 Etoiles d'Auvergne<\/span><\/div><\/div><\/div><div class=\"testimonial-entry vcex-grid-item span_1_of_2 col-2 col vcex-isotope-entry post-10421 entry type-testimonials no-media cat-91 cat-93 cat-94 cat-95 translation_priority-81\"><div class=\"testimonial-entry-content wpex-relative wpex-boxed wpex-border-0 wpex-clr\"><span class=\"testimonial-caret\"><\/span><h2 class=\"testimonial-entry-title entry-title wpex-mb-10\">Tr\u00e8s cosy et tr\u00e8s confortable<\/h2><div class=\"testimonial-entry-details testimonial-entry-text wpex-last-mb-0 wpex-clr\"><p>C&rsquo;est avec beaucoup de plaisir que nous avons pass\u00e9 notre s\u00e9jour auvergnat dans votre tr\u00e8s cosy et tr\u00e8s confortable logement. Vous \u00eates un h\u00f4te tr\u00e8s \u00e0 l&rsquo;\u00e9coute et r\u00e9actif. Encore merci pour votre accueil et peut-\u00eatre \u00e0 une prochaine fois. Tr\u00e8s bonne continuation.<\/p>\n<p>4 Mars 2023<\/p>\n<\/div><\/div><div class=\"testimonial-entry-bottom wpex-flex wpex-flex-wrap wpex-mt-20\"><div class=\"testimonial-entry-meta wpex-flex-grow\"><span class=\"testimonial-entry-author entry-title wpex-m-0\">Famille Makani<\/span><span class=\"testimonial-entry-company wpex-text-gray-500\">Gite les 3 Etoiles d'Auvergne<\/span><\/div><\/div><\/div><div class=\"testimonial-entry vcex-grid-item span_1_of_2 col-1 col vcex-isotope-entry post-10417 entry type-testimonials no-media cat-91 cat-93 cat-94 cat-95 translation_priority-81\"><div class=\"testimonial-entry-content wpex-relative wpex-boxed wpex-border-0 wpex-clr\"><span class=\"testimonial-caret\"><\/span><h2 class=\"testimonial-entry-title entry-title wpex-mb-10\">Un magnifique g\u00eete, tr\u00e8s \u00ab\u00a0cosy\u00a0\u00bb<\/h2><div class=\"testimonial-entry-details testimonial-entry-text wpex-last-mb-0 wpex-clr\"><p>Un magnifique g\u00eete, tr\u00e8s \u00ab\u00a0cosy\u00a0\u00bb au coeur de cette belle r\u00e9gion. Merci pour l&rsquo;accueil chaleureux et l&rsquo;attention quotidienne. Lieu tr\u00e8s reposant et ressourcant. A une prochaine fois s\u00fbrement, Amicalement,<\/p>\n<p>27 f\u00e9vrier 2023<\/p>\n<\/div><\/div><div class=\"testimonial-entry-bottom wpex-flex wpex-flex-wrap wpex-mt-20\"><div class=\"testimonial-entry-meta wpex-flex-grow\"><span class=\"testimonial-entry-author entry-title wpex-m-0\">Frederic, Carin, Abiga\u00ebl, Hermione et leur Samoy\u00e8de Padm\u00e9<\/span><span class=\"testimonial-entry-company wpex-text-gray-500\">Gite les 3 Etoiles d'Auvergne<\/span><\/div><\/div><\/div><div class=\"testimonial-entry vcex-grid-item span_1_of_2 col-2 col vcex-isotope-entry post-10414 entry type-testimonials no-media cat-91 cat-94 cat-95 translation_priority-81\"><div class=\"testimonial-entry-content wpex-relative wpex-boxed wpex-border-0 wpex-clr\"><span class=\"testimonial-caret\"><\/span><h2 class=\"testimonial-entry-title entry-title wpex-mb-10\">Tr\u00e8s beau g\u00eete<\/h2><div class=\"testimonial-entry-details testimonial-entry-text wpex-last-mb-0 wpex-clr\"><p>H\u00f4te tr\u00e8s accueillante et tr\u00e8s beau g\u00eete<\/p>\n<p>13 f\u00e9vrier 2023<\/p>\n<\/div><\/div><div class=\"testimonial-entry-bottom wpex-flex wpex-flex-wrap wpex-mt-20\"><div class=\"testimonial-entry-meta wpex-flex-grow\"><span class=\"testimonial-entry-author entry-title wpex-m-0\">Famille Malpeli<\/span><span class=\"testimonial-entry-company wpex-text-gray-500\">Gite les 3 Etoiles d'Auvergne<\/span><\/div><\/div><\/div><div class=\"testimonial-entry vcex-grid-item span_1_of_2 col-1 col vcex-isotope-entry post-10182 entry type-testimonials no-media cat-91 cat-94 cat-95 translation_priority-81\"><div class=\"testimonial-entry-content wpex-relative wpex-boxed wpex-border-0 wpex-clr\"><span class=\"testimonial-caret\"><\/span><h2 class=\"testimonial-entry-title entry-title wpex-mb-10\"><\/h2><div class=\"testimonial-entry-details testimonial-entry-text wpex-last-mb-0 wpex-clr\"><p><img loading=\"lazy\" decoding=\"async\" class=\"alignnone size-medium wp-image-10183\" src=\"https:\/\/maisonvanstijn.net\/wp-content\/uploads\/2022\/06\/Gastenboek2-300x288.jpg\" alt=\"\" width=\"300\" height=\"288\" srcset=\"https:\/\/maisonvanstijn.net\/wp-content\/uploads\/2022\/06\/Gastenboek2-300x288.jpg 300w, https:\/\/maisonvanstijn.net\/wp-content\/uploads\/2022\/06\/Gastenboek2-1024x981.jpg 1024w, https:\/\/maisonvanstijn.net\/wp-content\/uploads\/2022\/06\/Gastenboek2-768x736.jpg 768w, https:\/\/maisonvanstijn.net\/wp-content\/uploads\/2022\/06\/Gastenboek2.jpg 1201w\" sizes=\"auto, (max-width: 300px) 100vw, 300px\" \/><\/p>\n<p>29 mai 2022<\/p>\n<\/div><\/div><div class=\"testimonial-entry-bottom wpex-flex wpex-flex-wrap wpex-mt-20\"><div class=\"testimonial-entry-meta wpex-flex-grow\"><span class=\"testimonial-entry-author entry-title wpex-m-0\">Reine, Philippe &amp; levrier Jazz<\/span><span class=\"testimonial-entry-company wpex-text-gray-500\">Gite les 3 Etoiles d'Auvergne<\/span><\/div><\/div><\/div><div class=\"testimonial-entry vcex-grid-item span_1_of_2 col-2 col vcex-isotope-entry post-10169 entry type-testimonials no-media cat-91 cat-93 cat-94 cat-95 translation_priority-81\"><div class=\"testimonial-entry-content wpex-relative wpex-boxed wpex-border-0 wpex-clr\"><span class=\"testimonial-caret\"><\/span><h2 class=\"testimonial-entry-title entry-title wpex-mb-10\">Formidable<\/h2><div class=\"testimonial-entry-details testimonial-entry-text wpex-last-mb-0 wpex-clr\"><p>Nous avons pass\u00e9 un s\u00e9jour fantastique dans votre g\u00eete. Le premier contact mail et whatsapp \u00e9tait d\u00e9ja parfait, comme tout notre s\u00e9jour, g\u00eete tr\u00e8s confortable, tr\u00e8s jolie d\u00e9co et ameublement parfait. Nous avons dormi comme des b\u00e9b\u00e9s. Les repas formidables, le vin excellent, nous nous sommes r\u00e9gal\u00e9s &#8230; Le jardin est parfait, un silence apaisant et le soleil \u00e9tait la \ud83d\ude42 Les enfants ont ador\u00e9s ansi que leurs 3 loulous \u00e0 quatre pattes. Mille mercis pour tout, pour votre accueil si chaleureux et votre gentillesse. On vous embrassse et on esp\u00e8re pouvoir revenir vous voir<\/p>\n<p>06 &#8211; 09 mai 2022<\/p>\n<\/div><\/div><div class=\"testimonial-entry-bottom wpex-flex wpex-flex-wrap wpex-mt-20\"><div class=\"testimonial-entry-meta wpex-flex-grow\"><span class=\"testimonial-entry-author entry-title wpex-m-0\">Patricia, Jos\u00e9, Emilie, Antoine et leur 3 chiens<\/span><span class=\"testimonial-entry-company wpex-text-gray-500\">Gite les 3 Etoiles d'Auvergne<\/span><\/div><\/div><\/div><div class=\"testimonial-entry vcex-grid-item span_1_of_2 col-1 col vcex-isotope-entry post-10089 entry type-testimonials no-media cat-91 cat-94 cat-95 translation_priority-81\"><div class=\"testimonial-entry-content wpex-relative wpex-boxed wpex-border-0 wpex-clr\"><span class=\"testimonial-caret\"><\/span><h2 class=\"testimonial-entry-title entry-title wpex-mb-10\">G\u00eete tr\u00e8s agr\u00e9able, jardin magnifique et tr\u00e8s belles promenades !<\/h2><div class=\"testimonial-entry-details testimonial-entry-text wpex-last-mb-0 wpex-clr\"><p>Nous sommes tr\u00e8s heureux de notre s\u00e9jour chez vous : le g\u00eete est tr\u00e8s agr\u00e9able, le jardin est magnifique, les chiens l\u2019ont vraiment appr\u00e9ci\u00e9. Votre g\u00eete est vraiment bien situ\u00e9, nous avons fait de tr\u00e8s belles promenades !<\/p>\n<p>14 aout 2021<\/p>\n<\/div><\/div><div class=\"testimonial-entry-bottom wpex-flex wpex-flex-wrap wpex-mt-20\"><div class=\"testimonial-entry-meta wpex-flex-grow\"><span class=\"testimonial-entry-author entry-title wpex-m-0\">H\u00e9l\u00e8ne &amp; Co. et les Galgos Andalou &amp; Alhambra<\/span><span class=\"testimonial-entry-company wpex-text-gray-500\">Gite les 3 Etoiles d'Auvergne<\/span><\/div><\/div><\/div><div class=\"testimonial-entry vcex-grid-item span_1_of_2 col-2 col vcex-isotope-entry post-10092 entry type-testimonials no-media cat-91 cat-96 cat-95 translation_priority-81\"><div class=\"testimonial-entry-content wpex-relative wpex-boxed wpex-border-0 wpex-clr\"><span class=\"testimonial-caret\"><\/span><h2 class=\"testimonial-entry-title entry-title wpex-mb-10\">Tr\u00e8s belles vacances<\/h2><div class=\"testimonial-entry-details testimonial-entry-text wpex-last-mb-0 wpex-clr\"><p>Nous avons pass\u00e9 de tr\u00e8s belles vacances et d\u00e9couvert cette tr\u00e8s belle r\u00e9gion qu&rsquo;est l&rsquo;Auvergne.Le soleil \u00e9tait en plus en rendez-vous! C&rsquo;est en partie gr\u00e0ce \u00e0 vous, et ce g\u00eete, qui avez rendu ce s\u00e9jour agr\u00e8able. Notre chien en nos enfants l&rsquo;ont fatement appr\u00e9ci\u00e9. Un tout grand merci \u00e0 vous pour votre accueil et votre disponibilit\u00e9. On se rent bien ici!<\/p>\n<p>24 juillet 2021<\/p>\n<\/div><\/div><div class=\"testimonial-entry-bottom wpex-flex wpex-flex-wrap wpex-mt-20\"><div class=\"testimonial-entry-meta wpex-flex-grow\"><span class=\"testimonial-entry-author entry-title wpex-m-0\">Sarah, Denis, Simon, Lucie et Viszla Iona<\/span><span class=\"testimonial-entry-company wpex-text-gray-500\">G\u00eete du Bois II<\/span><\/div><\/div><\/div><\/div><div class=\"wpex-pagination wpex-clear wpex-mt-30 wpex-clr\"><ul class='page-numbers'>\n\t<li><span aria-current=\"page\" class=\"page-numbers current\"><span class=\"screen-reader-text\">Page <\/span>1<\/span><\/li>\n\t<li><a class=\"page-numbers\" href=\"https:\/\/maisonvanstijn.net\/fr\/wp-json\/wp\/v2\/pages\/8512\/page\/2\/\"><span class=\"screen-reader-text\">Page <\/span>2<\/a><\/li>\n\t<li><a class=\"next page-numbers\" href=\"https:\/\/maisonvanstijn.net\/fr\/wp-json\/wp\/v2\/pages\/8512\/page\/2\/\"><span class=\"ticon ticon-angle-right\" aria-hidden=\"true\"><\/span><span class=\"screen-reader-text\">Suivant<\/span><\/a><\/li>\n<\/ul>\n<\/div><\/div>[\/vc_column][\/vc_row]\n<\/section>","protected":false},"excerpt":{"rendered":"<p>[vc_row][vc_column][\/vc_column][\/vc_row]<\/p>\n","protected":false},"author":2,"featured_media":0,"parent":0,"menu_order":0,"comment_status":"closed","ping_status":"closed","template":"","meta":{"footnotes":""},"class_list":["post-8512","page","type-page","status-publish","hentry","entry","no-media"],"_links":{"self":[{"href":"https:\/\/maisonvanstijn.net\/fr\/wp-json\/wp\/v2\/pages\/8512","targetHints":{"allow":["GET"]}}],"collection":[{"href":"https:\/\/maisonvanstijn.net\/fr\/wp-json\/wp\/v2\/pages"}],"about":[{"href":"https:\/\/maisonvanstijn.net\/fr\/wp-json\/wp\/v2\/types\/page"}],"author":[{"embeddable":true,"href":"https:\/\/maisonvanstijn.net\/fr\/wp-json\/wp\/v2\/users\/2"}],"replies":[{"embeddable":true,"href":"https:\/\/maisonvanstijn.net\/fr\/wp-json\/wp\/v2\/comments?post=8512"}],"version-history":[{"count":5,"href":"https:\/\/maisonvanstijn.net\/fr\/wp-json\/wp\/v2\/pages\/8512\/revisions"}],"predecessor-version":[{"id":10094,"href":"https:\/\/maisonvanstijn.net\/fr\/wp-json\/wp\/v2\/pages\/8512\/revisions\/10094"}],"wp:attachment":[{"href":"https:\/\/maisonvanstijn.net\/fr\/wp-json\/wp\/v2\/media?parent=8512"}],"curies":[{"name":"wp","href":"https:\/\/api.w.org\/{rel}","templated":true}]}}