{"id":8562,"date":"2020-02-14T16:05:16","date_gmt":"2020-02-14T15:05:16","guid":{"rendered":"https:\/\/maisonvanstijn.net\/wandelroutes-korter-dan-5-km\/"},"modified":"2020-05-06T16:07:14","modified_gmt":"2020-05-06T14:07:14","slug":"sentiers-de-randonnee-de-moins-de-5-km","status":"publish","type":"page","link":"https:\/\/maisonvanstijn.net\/fr\/sentiers-de-randonnee-de-moins-de-5-km\/","title":{"rendered":"Sentiers de randonn\u00e9e de moins de 5 km."},"content":{"rendered":"<section class=\"wpb-content-wrapper\">[vc_row][vc_column]<h1 class=\"vcex-heading vcex-module wpex-text-2xl wpex-font-normal wpex-m-auto wpex-max-w-100 vcex-heading-plain wpex-block\"><span class=\"vcex-heading-inner wpex-inline-block wpex-clr\">Sentiers de randonn\u00e9e de moins de 5 km.<\/span><\/h1><div class=\"vcex-module vcex-bullets custom-icon\">\n<ul>\n<li><div class=\"vcex-bullets-ci-wrap wpex-inline-flex\"><span class=\"vcex-icon-wrap wpex-mr-10\"><span class=\"vcex-icon fa fa-info-circle\" aria-hidden=\"true\" style=\"color:#8ebf44;\"><\/span><\/span><div class=\"vcex-content wpex-flex-grow\">Plus de 750 km d&rsquo;itin\u00e9raires p\u00e9destres balis\u00e9s<\/div><\/div><\/li>\n<li><div class=\"vcex-bullets-ci-wrap wpex-inline-flex\"><span class=\"vcex-icon-wrap wpex-mr-10\"><span class=\"vcex-icon fa fa-info-circle\" aria-hidden=\"true\" style=\"color:#8ebf44;\"><\/span><\/span><div class=\"vcex-content wpex-flex-grow\">Circuits d&rsquo;environ 3 km \u00e0 environ 20 km<\/div><\/div><\/li>\n<li><div class=\"vcex-bullets-ci-wrap wpex-inline-flex\"><span class=\"vcex-icon-wrap wpex-mr-10\"><span class=\"vcex-icon fa fa-info-circle\" aria-hidden=\"true\" style=\"color:#8ebf44;\"><\/span><\/span><div class=\"vcex-content wpex-flex-grow\">Paysage vari\u00e9: for\u00eat, p\u00e2turage, rivi\u00e8res, lacs, vallonn\u00e9 \u00e0 montagneux<\/div><\/div><\/li>\n<li><div class=\"vcex-bullets-ci-wrap wpex-inline-flex\"><span class=\"vcex-icon-wrap wpex-mr-10\"><span class=\"vcex-icon fa fa-info-circle\" aria-hidden=\"true\" style=\"color:#8ebf44;\"><\/span><\/span><div class=\"vcex-content wpex-flex-grow\">Bonnes chaussures de marche requises!<\/div><\/div><\/li>\n<li><div class=\"vcex-bullets-ci-wrap wpex-inline-flex\"><span class=\"vcex-icon-wrap wpex-mr-10\"><span class=\"vcex-icon fa fa-info-circle\" aria-hidden=\"true\" style=\"color:#8ebf44;\"><\/span><\/span><div class=\"vcex-content wpex-flex-grow\">Les chiens sont autoris\u00e9s \u00e0 courir librement presque partout<\/div><\/div><\/li>\n<\/ul>\n<\/div><div class=\"vcex-spacing wpex-w-100 wpex-clear\" style=\"height:15px\"><\/div>[vc_column_text]<strong>Fichiers GPX pour smartphone ou GPS de randonn\u00e9e<\/strong><br \/>\nVoici une liste d&rsquo;itin\u00e9raires randonn\u00e9e que nous avons parcourus nous-m\u00eames. Si vous avez un smartphone, vous pouvez t\u00e9l\u00e9charger les fichiers gpx via une application de randonn\u00e9e, afin que vous puissiez suivre exactement l&rsquo;itin\u00e9raire que nous avons parcouru[\/vc_column_text]<div class=\"vcex-spacing wpex-w-100 wpex-clear\" style=\"height:15px\"><\/div>[vc_tta_accordion style=\u00a0\u00bbmodern\u00a0\u00bb shape=\u00a0\u00bbsquare\u00a0\u00bb spacing=\u00a0\u00bb5&Prime; c_icon=\u00a0\u00bbchevron\u00a0\u00bb active_section=\u00a0\u00bb-1&Prime; no_fill=\u00a0\u00bbtrue\u00a0\u00bb collapsible_all=\u00a0\u00bbtrue\u00a0\u00bb][vc_tta_section title=\u00a0\u00bbItin\u00e9raires GPX comment \u00e7a marche?\u00a0\u00bb tab_id=\u00a0\u00bb1581867125021-b0e6abeb-2d0c\u00a0\u00bb][vc_column_text]<strong>Fichiers GPX pour smartphone ou GPS de randonn\u00e9e<\/strong><br \/>\nVous pouvez t\u00e9l\u00e9charger les fichiers .gpx via une application de randonn\u00e9e sur votre smartphone, afin que vous puissiez suivre exactement l&rsquo;itin\u00e9raire que nous avons parcouru. Le rythme de marche moyen sur les diff\u00e9rents itin\u00e9raires est d&rsquo;environ 3,5 km \u00e0 l&rsquo;heure<\/p>\n<p>Pour les utilisateurs Android, nous recommandons l&rsquo;application Geo Tracker ou Outdooractive et pour les personnes poss\u00e9dant un t\u00e9l\u00e9phone Windows NaviComputer. Les deux applications peuvent \u00eatre t\u00e9l\u00e9charg\u00e9es en ligne gratuitement, rapidement et facilement. En marchant, vous n&rsquo;avez pas besoin d&rsquo;\u00eatre en ligne, les cartes fonctionnent tr\u00e8s bien hors ligne, c&rsquo;est donc \u00e9galement gratuit! De plus, ils peuvent \u00e9galement \u00eatre supprim\u00e9s en un rien de temps si vous ne les utilisez plus. Les fichiers .gpx peuvent \u00e9galement \u00eatre lus par la plupart des appareils GPS de randonn\u00e9e tels que Garmin.<\/p>\n<p>Si vous ne poss\u00e9dez pas de smartphone ou de GPS de randonn\u00e9e, vous pouvez bien s\u00fbr \u00e9galement utiliser les plans et descriptions ci-dessous (\u00e9ventuellement) pour parcourir les itin\u00e9raires \u00e0 l&rsquo;aide d&rsquo;une plan de la randonn\u00e9e.<\/p>\n<p><strong>Plus d&rsquo;itin\u00e9raires \u00e0 pied en tant que fichier .gpx<\/strong><br \/>\nRecherchez les itin\u00e9raires de randonn\u00e9e de plus de 5 km et leurs fichiers gpx ici<\/p>\n<p>Pas encore disponible en .gpx, mais \u00e0 partir directement de votre g\u00eete se trouvent les circuits p\u00e9destres que vous trouverez sur la page Itin\u00e9raires p\u00e9destres directement depuis votre g\u00eete[\/vc_column_text][\/vc_tta_section][vc_tta_section title=\u00a0\u00bbCascades de Chiloza &#8211; Besse &#8211; gpx20&Prime; tab_id=\u00a0\u00bb1581692762349-62761eed-fedb\u00a0\u00bb]<figure class=\"vcex-image vcex-module wpex-clr\"><div class=\"vcex-image-inner wpex-relative wpex-inline-block\"><img decoding=\"async\" loading=\"lazy\" class=\"wpex-align-middle\" src=\"https:\/\/maisonvanstijn.net\/wp-content\/uploads\/2020\/02\/20.jpg\" alt=\"\" width=\"1023\" height=\"184\" \/><\/div><\/figure><div class=\"vcex-spacing wpex-w-100 wpex-clear\" style=\"height:15px\"><\/div>[vc_column_text]Longueur totale: environ 2 km<br \/>\nMont\u00e9e: 242 m \/ Descente: 205 m<br \/>\nT\u00e9l\u00e9charger pour smartphone <a href=\"https:\/\/1drv.ms\/u\/s!ArmMq_MiPh93gQB3q9SQz7gg4C6S\">GPX 20<\/a>[\/vc_column_text][\/vc_tta_section][vc_tta_section title=\u00a0\u00bbItin\u00e9raire court derri\u00e8re le lac Pavin &#8211; GPX19&Prime; tab_id=\u00a0\u00bb1581692762390-ff6ace5e-2201&Prime;]<figure class=\"vcex-image vcex-module wpex-clr\"><div class=\"vcex-image-inner wpex-relative wpex-inline-block\"><img decoding=\"async\" loading=\"lazy\" class=\"wpex-align-middle\" src=\"https:\/\/maisonvanstijn.net\/wp-content\/uploads\/2020\/02\/19.jpg\" alt=\"\" width=\"1009\" height=\"740\" \/><\/div><\/figure><div class=\"vcex-spacing wpex-w-100 wpex-clear\" style=\"height:15px\"><\/div>[vc_column_text]Longueur totale: environ 3 km<br \/>\nMont\u00e9e: 119 m \/ Descente: 119 m<br \/>\nT\u00e9l\u00e9charger pour smartphone <a href=\"https:\/\/1drv.ms\/u\/s!ArmMq_MiPh93f1B3PYknwVJvJ8U\">GPX 19<\/a>[\/vc_column_text][\/vc_tta_section][vc_tta_section title=\u00a0\u00bbVue de Picherande &#8211; gpx26&Prime; tab_id=\u00a0\u00bb1581693820362-0b0527e0-47e6&Prime;]<figure class=\"vcex-image vcex-module wpex-clr\"><div class=\"vcex-image-inner wpex-relative wpex-inline-block\"><img decoding=\"async\" loading=\"lazy\" class=\"wpex-align-middle\" src=\"https:\/\/maisonvanstijn.net\/wp-content\/uploads\/2020\/02\/26.jpg\" alt=\"\" width=\"954\" height=\"738\" \/><\/div><\/figure><div class=\"vcex-spacing wpex-w-100 wpex-clear\" style=\"height:15px\"><\/div>[vc_column_text]Longueur totale: environ 3 km<br \/>\nMont\u00e9e: 125 m \/ Descente: 127 m<br \/>\nT\u00e9l\u00e9charger pour smartphone <a href=\"https:\/\/1drv.ms\/u\/s!ArmMq_MiPh93gQbLhs1JFXJz0nn2\">GPX 26<\/a>[\/vc_column_text][\/vc_tta_section][vc_tta_section title=\u00a0\u00bbAutour du lac Pavin &#8211; GPX4&Prime; tab_id=\u00a0\u00bb1581694274684-a1f0ea32-1a62&Prime;]<figure class=\"vcex-image vcex-module wpex-clr\"><div class=\"vcex-image-inner wpex-relative wpex-inline-block\"><img decoding=\"async\" loading=\"lazy\" class=\"wpex-align-middle\" src=\"https:\/\/maisonvanstijn.net\/wp-content\/uploads\/2020\/02\/4.jpg\" alt=\"\" width=\"1020\" height=\"430\" \/><\/div><\/figure><div class=\"vcex-spacing wpex-w-100 wpex-clear\" style=\"height:15px\"><\/div>[vc_column_text]Longueur totale: environ 3,3 km<br \/>\nMont\u00e9e: 299m \/ Descente: 279m<br \/>\nT\u00e9l\u00e9charger pour smartphone <a href=\"https:\/\/1drv.ms\/u\/s!ArmMq_MiPh93cA2FDjkzJ3ZApl0\">gpx4<\/a>[\/vc_column_text][\/vc_tta_section][vc_tta_section title=\u00a0\u00bbTour de Lac Pavin &#8211; gpx5&Prime; tab_id=\u00a0\u00bb1581694533306-d49fda7d-6e2f\u00a0\u00bb]<figure class=\"vcex-image vcex-module wpex-clr\"><div class=\"vcex-image-inner wpex-relative wpex-inline-block\"><img decoding=\"async\" loading=\"lazy\" class=\"wpex-align-middle\" src=\"https:\/\/maisonvanstijn.net\/wp-content\/uploads\/2020\/02\/5.jpg\" alt=\"\" width=\"1012\" height=\"397\" \/><\/div><\/figure><div class=\"vcex-spacing wpex-w-100 wpex-clear\" style=\"height:15px\"><\/div>[vc_column_text]Longueur totale: environ 3,5 km<br \/>\nMont\u00e9e: 690 m \/ Descente: 297 m<br \/>\nT\u00e9l\u00e9charger pour smartphone <a href=\"https:\/\/1drv.ms\/u\/s!ArmMq_MiPh93cSEqjLP7VFBAbkI\">GPX5<\/a>[\/vc_column_text][\/vc_tta_section][vc_tta_section title=\u00a0\u00bbItin\u00e9raire court Lac Chauvet &#8211; GPX16&Prime; tab_id=\u00a0\u00bb1581695796885-999e5605-a42e\u00a0\u00bb]<figure class=\"vcex-image vcex-module wpex-clr\"><div class=\"vcex-image-inner wpex-relative wpex-inline-block\"><img decoding=\"async\" loading=\"lazy\" class=\"wpex-align-middle\" src=\"https:\/\/maisonvanstijn.net\/wp-content\/uploads\/2020\/02\/16.jpg\" alt=\"\" width=\"1012\" height=\"488\" \/><\/div><\/figure><div class=\"vcex-spacing wpex-w-100 wpex-clear\" style=\"height:15px\"><\/div>[vc_column_text]Longueur totale: environ 3,5 km<br \/>\nMont\u00e9e: 168 m \/ Descente: 161 m<br \/>\nT\u00e9l\u00e9charger pour smartphone <a href=\"https:\/\/1drv.ms\/u\/s!ArmMq_MiPh93fCOV4Zok0ZhA2PA\">GPX16<\/a>[\/vc_column_text][\/vc_tta_section][vc_tta_section title=\u00a0\u00bbRedondel &#8211; GPX6&Prime; tab_id=\u00a0\u00bb1581696226890-28bfba24-5a46&Prime;]<figure class=\"vcex-image vcex-module wpex-clr\"><div class=\"vcex-image-inner wpex-relative wpex-inline-block\"><img decoding=\"async\" loading=\"lazy\" class=\"wpex-align-middle\" src=\"https:\/\/maisonvanstijn.net\/wp-content\/uploads\/2020\/02\/6.jpg\" alt=\"\" width=\"1013\" height=\"385\" \/><\/div><\/figure><div class=\"vcex-spacing wpex-w-100 wpex-clear\" style=\"height:15px\"><\/div>[vc_column_text]Longueur totale: environ 3,7 km<br \/>\nMont\u00e9e: 166m \/ Descente: 175m<br \/>\nT\u00e9l\u00e9charger pour smartphone <a href=\"https:\/\/1drv.ms\/u\/s!ArmMq_MiPh93cuaJSVnUmQPbi4k\">GPX6<\/a>[\/vc_column_text][\/vc_tta_section][vc_tta_section title=\u00a0\u00bbAutour du lac de la Cr\u00e9gut &#8211; GPX7&Prime; tab_id=\u00a0\u00bb1581696462392-5371cdb0-5f8a\u00a0\u00bb]<figure class=\"vcex-image vcex-module wpex-clr\"><div class=\"vcex-image-inner wpex-relative wpex-inline-block\"><img decoding=\"async\" loading=\"lazy\" class=\"wpex-align-middle\" src=\"https:\/\/maisonvanstijn.net\/wp-content\/uploads\/2020\/02\/7-1.jpg\" alt=\"\" width=\"1004\" height=\"681\" \/><\/div><\/figure><div class=\"vcex-spacing wpex-w-100 wpex-clear\" style=\"height:15px\"><\/div>[vc_column_text]Longueur totale: environ 3,8 km<br \/>\nMont\u00e9e 183 m \/ Descente 230 m<br \/>\nT\u00e9l\u00e9charger pour smartphone <a href=\"https:\/\/1drv.ms\/u\/s!ArmMq_MiPh93cwYVoWVzgDIQ6Bw\">GPX7<\/a>[\/vc_column_text][\/vc_tta_section][vc_tta_section title=\u00a0\u00bbTour de Contains &#8211; gpx21&Prime; tab_id=\u00a0\u00bb1581696827486-326e9957-85f1&Prime;]<figure class=\"vcex-image vcex-module wpex-clr\"><div class=\"vcex-image-inner wpex-relative wpex-inline-block\"><img decoding=\"async\" loading=\"lazy\" class=\"wpex-align-middle\" src=\"https:\/\/maisonvanstijn.net\/wp-content\/uploads\/2020\/02\/21.jpg\" alt=\"\" width=\"1009\" height=\"612\" \/><\/div><\/figure><div class=\"vcex-spacing wpex-w-100 wpex-clear\" style=\"height:15px\"><\/div>[vc_column_text]Longueur totale: environ 4,2 km<br \/>\nMont\u00e9e: 286 m \/ Descente: 279 m<br \/>\nT\u00e9l\u00e9charger smartphone <a href=\"https:\/\/1drv.ms\/u\/s!ArmMq_MiPh93gQGnNjp80nhDxGvZ\">gpx 21<\/a>[\/vc_column_text][\/vc_tta_section][vc_tta_section title=\u00a0\u00bbTour de Chanterelle &#8211; gpx23&Prime; tab_id=\u00a0\u00bb1581697102377-37a28edc-7b83&Prime;]<figure class=\"vcex-image vcex-module wpex-clr\"><div class=\"vcex-image-inner wpex-relative wpex-inline-block\"><img decoding=\"async\" loading=\"lazy\" class=\"wpex-align-middle\" src=\"https:\/\/maisonvanstijn.net\/wp-content\/uploads\/2020\/02\/23.jpg\" alt=\"\" width=\"1015\" height=\"348\" \/><\/div><\/figure><div class=\"vcex-spacing wpex-w-100 wpex-clear\" style=\"height:15px\"><\/div>[vc_column_text]Longueur totale: environ 4,5 km<br \/>\nMont\u00e9e: 304 m \/ Descente: 318 m<br \/>\nT\u00e9l\u00e9charger smartphone <a href=\"https:\/\/1drv.ms\/u\/s!ArmMq_MiPh93gQO8FikBFprBL9Rq\">gpx 23<\/a>[\/vc_column_text][\/vc_tta_section][vc_tta_section title=\u00a0\u00bbTour de Serre Haut &#8211; gpx17&Prime; tab_id=\u00a0\u00bb1581697407056-8c800186-a6d7&Prime;]<figure class=\"vcex-image vcex-module wpex-clr\"><div class=\"vcex-image-inner wpex-relative wpex-inline-block\"><img decoding=\"async\" loading=\"lazy\" class=\"wpex-align-middle\" src=\"https:\/\/maisonvanstijn.net\/wp-content\/uploads\/2020\/02\/17.jpg\" alt=\"\" width=\"1007\" height=\"389\" \/><\/div><\/figure><div class=\"vcex-spacing wpex-w-100 wpex-clear\" style=\"height:15px\"><\/div>[vc_column_text]Longueur totale: environ 4,6 km<br \/>\nMont\u00e9e: 255 m \/ Descente: 243 m<br \/>\nT\u00e9l\u00e9charger pour smartphone<a href=\"https:\/\/1drv.ms\/u\/s!ArmMq_MiPh93feDS2jTfHdN1trc\">\u00a0gpx17<\/a>[\/vc_column_text][\/vc_tta_section][vc_tta_section title=\u00a0\u00bbTour de Vassiviere &#8211; gpx28&Prime; tab_id=\u00a0\u00bb1581697896957-0632c7b1-7831&Prime;]<figure class=\"vcex-image vcex-module wpex-clr\"><div class=\"vcex-image-inner wpex-relative wpex-inline-block\"><img decoding=\"async\" loading=\"lazy\" class=\"wpex-align-middle\" src=\"https:\/\/maisonvanstijn.net\/wp-content\/uploads\/2020\/02\/28.jpg\" alt=\"\" width=\"1013\" height=\"565\" \/><\/div><\/figure><div class=\"vcex-spacing wpex-w-100 wpex-clear\" style=\"height:15px\"><\/div>[vc_column_text]Longueur totale: environ 4,8 km<br \/>\nMont\u00e9e: 295 m \/ Descente: 283 m<br \/>\nT\u00e9l\u00e9charger pour smartphone\u00a0<a href=\"https:\/\/1drv.ms\/u\/s!ArmMq_MiPh93gQjnH-A8WTyisFUH\">gpx 28<\/a>[\/vc_column_text][\/vc_tta_section][\/vc_tta_accordion][\/vc_column][\/vc_row]\n<\/section>","protected":false},"excerpt":{"rendered":"<p>[vc_row][vc_column][vc_column_text]Fichiers GPX pour smartphone ou GPS de randonn\u00e9e Voici une liste d&rsquo;itin\u00e9raires randonn\u00e9e que nous avons parcourus nous-m\u00eames. Si vous avez un smartphone, vous pouvez t\u00e9l\u00e9charger les fichiers gpx via une application de randonn\u00e9e, afin que vous puissiez suivre exactement l&rsquo;itin\u00e9raire que nous avons parcouru[\/vc_column_text][vc_tta_accordion style=\u00a0\u00bbmodern\u00a0\u00bb shape=\u00a0\u00bbsquare\u00a0\u00bb spacing=\u00a0\u00bb5&Prime; c_icon=\u00a0\u00bbchevron\u00a0\u00bb active_section=\u00a0\u00bb-1&Prime; no_fill=\u00a0\u00bbtrue\u00a0\u00bb collapsible_all=\u00a0\u00bbtrue\u00a0\u00bb][vc_tta_section title=\u00a0\u00bbItin\u00e9raires GPX comment&hellip;<\/p>\n","protected":false},"author":5,"featured_media":0,"parent":0,"menu_order":0,"comment_status":"closed","ping_status":"closed","template":"","meta":{"footnotes":""},"class_list":["post-8562","page","type-page","status-publish","hentry","entry","no-media"],"_links":{"self":[{"href":"https:\/\/maisonvanstijn.net\/fr\/wp-json\/wp\/v2\/pages\/8562","targetHints":{"allow":["GET"]}}],"collection":[{"href":"https:\/\/maisonvanstijn.net\/fr\/wp-json\/wp\/v2\/pages"}],"about":[{"href":"https:\/\/maisonvanstijn.net\/fr\/wp-json\/wp\/v2\/types\/page"}],"author":[{"embeddable":true,"href":"https:\/\/maisonvanstijn.net\/fr\/wp-json\/wp\/v2\/users\/5"}],"replies":[{"embeddable":true,"href":"https:\/\/maisonvanstijn.net\/fr\/wp-json\/wp\/v2\/comments?post=8562"}],"version-history":[{"count":3,"href":"https:\/\/maisonvanstijn.net\/fr\/wp-json\/wp\/v2\/pages\/8562\/revisions"}],"predecessor-version":[{"id":8688,"href":"https:\/\/maisonvanstijn.net\/fr\/wp-json\/wp\/v2\/pages\/8562\/revisions\/8688"}],"wp:attachment":[{"href":"https:\/\/maisonvanstijn.net\/fr\/wp-json\/wp\/v2\/media?parent=8562"}],"curies":[{"name":"wp","href":"https:\/\/api.w.org\/{rel}","templated":true}]}}